{"id":8,"date":"2024-01-14T19:54:29","date_gmt":"2024-01-14T18:54:29","guid":{"rendered":"https:\/\/kosmetikaintuice.cz\/?page_id=8"},"modified":"2024-01-24T16:59:15","modified_gmt":"2024-01-24T15:59:15","slug":"mesmerize","status":"publish","type":"page","link":"https:\/\/kosmetikaintuice.cz\/","title":{"rendered":"Front Page"},"content":{"rendered":"<div  data-label=\"Content\" data-id=\"content--1\" data-export-id=\"content-7\" data-category=\"content\" class=\"content-7 content-section content-section-spacing content-relative\" id=\"o-salonu\" style=\"background-color: rgb(255, 255, 255); background-image: none;\" data-section-ov=\"1\"><div  class=\"gridContainer\"> <div  class=\"row middle-sm\"><div  class=\"col-sm-6 space-bottom-xs\" data-type=\"column\"> <h2  class=\"\"><font  face=\"Playfair Display, arial, helvetica, sans-serif\">Interi\u00e9r kosmetiky<\/font><\/h2> <p  class=\"\"><span  style=\"font-weight: 600;\">M\u00e1me pro V\u00e1s p\u0159ipraven\u00e9 profesion\u00e1ln\u00ed vybaven\u00ed a p\u0159\u00edjemnou atmosf\u00e9ru s relaxa\u010dn\u00ed hudbou. M\u016f\u017eete si tak u n\u00e1s b\u011bhem z\u00e1kroku klidn\u011b pospat, nebo opravdu vypnout a zrelaxovat.<\/span><\/p> <\/div> <div  class=\"col-sm-6\" data-type=\"column\"> <img  decoding=\"async\" class=\"shadow-large\" src=\"https:\/\/kosmetikaintuice.cz\/wp-content\/uploads\/2024\/01\/interier.jpg\" title=\"interier\" alt=\"\"><\/div> <\/div><\/div> <\/div><div  data-label=\"Content\" data-id=\"content--2\" data-export-id=\"content-2\" data-category=\"content\" class=\"content-2 content-section content-section-spacing content-relative\" id=\"nabidka\" style=\"background-color: rgb(255, 248, 235); background-image: none;\"><div  class=\"\"> <div  class=\"row middle-xs\"><div  class=\"col-sm-5 bg-image shadow-large-black\" data-bg=\"image\" style=\"background-image: url(&quot;https:\/\/kosmetikaintuice.cz\/wp-content\/uploads\/2024\/01\/cropped-face.jpg&quot;);\"><\/div> <div  class=\"col-sm-7 full-col-left-padding full-col-right-padding\"> <div  class=\"row\"> <div  data-type=\"column\" class=\"space-bottom-small content-title-col\">  <h2  class=\"\"><span  style=\"font-family: &quot;Playfair Display&quot;, arial, helvetica, sans-serif;\">N\u011bco z na\u0161\u00ed nab\u00eddky<\/span><\/h2> <\/div> <\/div> <div  class=\"row spaced-cols \" data-type=\"row\">    <div  class=\"col-xs-6 col-md-12\" data-type=\"column\"><h5  class=\"\"><span  style=\"font-family: &quot;Open Sans&quot;, arial, helvetica, sans-serif; font-weight: 600;\">Diamantov\u00e1 mikrodermabr\u00e1ze<\/span><\/h5> <h5  class=\"\"><span  style=\"font-family: &quot;Open Sans&quot;, arial, helvetica, sans-serif; font-weight: 600;\">Laser + s\u00e9rum<\/span><\/h5><h5  class=\"\"><span  style=\"font-family: &quot;Open Sans&quot;, arial, helvetica, sans-serif; font-weight: 600;\">Upraven\u00fd Gentleman<\/span><\/h5><h5  class=\"\"><span  style=\"font-family: &quot;Open Sans&quot;, arial, helvetica, sans-serif; font-weight: 600;\">Mas\u00e1\u017ee<\/span><\/h5><h5  class=\"\"><span  style=\"font-family: &quot;Open Sans&quot;, arial, helvetica, sans-serif; font-weight: 600;\">Barven\u00ed obo\u010d\u00ed\/\u0159as<\/span><\/h5><h5  class=\"\"><span  style=\"font-family: &quot;Open Sans&quot;, arial, helvetica, sans-serif; font-weight: 600;\">Depilace<\/span><\/h5><h5  class=\"\"><span  style=\"font-family: &quot;Open Sans&quot;, arial, helvetica, sans-serif; font-weight: 600;\">\n<br >A dal\u0161\u00ed \u2026<\/span><\/h5><\/div> <\/div><\/div> <\/div><\/div> <\/div><div  data-label=\"Contact\" data-id=\"contact--2\" data-export-id=\"contact-5\" data-category=\"contact\" class=\"contact-5 content-section content-section-spacing\" id=\"kontakt\" style=\"background-color: rgb(255, 255, 255); background-image: none;\"><div  class=\"gridContainer\"> <div  class=\"row text-center\"><div  class=\"section-title-col\" data-type=\"column\"> <h2  class=\"\"><span  style=\"font-family: &quot;Playfair Display&quot;, arial, helvetica, sans-serif;\">Kontakt<\/span><\/h2> <p  class=\"lead\"><span  style=\"font-weight: 400;\">Pro vytvo\u0159en\u00ed rezervace mi pros\u00edm napi\u0161te, nebo zavolejte na telefon. V p\u0159\u00edpad\u011b jak\u00fdchkoliv dotaz\u016f, nebo zpo\u017ed\u011bn\u00ed\/posunu rezervace se m\u011b nebojte kontaktovat!&nbsp;<\/span><span  style=\"font-weight: 400;\">Budu se na V\u00e1s t\u011b\u0161it. Petra Chmel\u00edkov\u00e1.<\/span><\/p><\/div> <\/div> <div  class=\"row middle-sm\"> <div  class=\"col-xs-12 col-sm-6 image-holder space-bottom-xs\"> <img  decoding=\"async\" src=\"https:\/\/kosmetikaintuice.cz\/wp-content\/uploads\/2024\/01\/cropped-Screenshot-2024-01-22-162123-1.png\" title=\"cropped-Screenshot-2024-01-22-162123-1.png\" alt=\"\"><\/div> <div  class=\"col-xs-12 col-sm-6\"><div  class=\"row middle-sm\"> <div  data-type=\"column\" class=\"col-xs-12 space-bottom-small\"><h3  class=\"color1\"><span  style=\"color: rgb(0, 0, 0);\"><font  face=\"Open Sans, arial, helvetica, sans-serif\">Kde m\u011b najdete:<\/font><\/span><\/h3><\/div> <\/div> <div  class=\"row middle-sm\" data-type=\"row\"> <div  class=\"col-xs-12 space-bottom-small\"> <div  class=\"row\"> <div  data-type=\"column\" class=\"col-xs-12 col-sm-fit label-col\"> <h5  class=\"\"><span  style=\"font-family: &quot;Open Sans&quot;, arial, helvetica, sans-serif;\">Adresa:<\/span><\/h5><\/div> <div  data-type=\"column\" class=\"col-xs-12 col-sm\"><p  class=\"\">Gen. \u0160tef\u00e1nika 1992\/8, 750 02 P\u0159erov 2<\/p><\/div> <\/div><\/div> <div  class=\"col-xs-12 space-bottom-small\"><div  class=\"row\"> <div  data-type=\"column\" class=\"col-xs-12 col-sm-fit label-col\"><h5  class=\"\"><span  style=\"font-family: &quot;Open Sans&quot;, arial, helvetica, sans-serif;\">Telefon:<\/span><\/h5><\/div> <div  data-type=\"column\" class=\"col-xs-12 col-sm\"><p  class=\"\"><span  style=\"font-weight: 600;\">+420 723 349 572<\/span><\/p><\/div> <\/div><\/div>  <\/div> <\/div><\/div> <\/div><\/div>","protected":false},"excerpt":{"rendered":"<p>Interi\u00e9r kosmetiky M\u00e1me pro V\u00e1s p\u0159ipraven\u00e9 profesion\u00e1ln\u00ed vybaven\u00ed a p\u0159\u00edjemnou atmosf\u00e9ru s relaxa\u010dn\u00ed hudbou. M\u016f\u017eete si tak u n\u00e1s b\u011bhem z\u00e1kroku klidn\u011b pospat, nebo opravdu vypnout a zrelaxovat. N\u011bco z na\u0161\u00ed nab\u00eddky Diamantov\u00e1 mikrodermabr\u00e1ze Laser + s\u00e9rumUpraven\u00fd GentlemanMas\u00e1\u017eeBarven\u00ed obo\u010d\u00ed\/\u0159asDepilace A dal\u0161\u00ed \u2026 Kontakt Pro vytvo\u0159en\u00ed rezervace mi pros\u00edm napi\u0161te, nebo zavolejte na telefon. V p\u0159\u00edpad\u011b&hellip; <br \/> <a class=\"read-more\" href=\"https:\/\/kosmetikaintuice.cz\/\">Read more<\/a><\/p>\n","protected":false},"author":1,"featured_media":0,"parent":0,"menu_order":0,"comment_status":"closed","ping_status":"closed","template":"page-templates\/homepage.php","meta":{"footnotes":""},"class_list":["post-8","page","type-page","status-publish","hentry"],"_links":{"self":[{"href":"https:\/\/kosmetikaintuice.cz\/index.php?rest_route=\/wp\/v2\/pages\/8","targetHints":{"allow":["GET"]}}],"collection":[{"href":"https:\/\/kosmetikaintuice.cz\/index.php?rest_route=\/wp\/v2\/pages"}],"about":[{"href":"https:\/\/kosmetikaintuice.cz\/index.php?rest_route=\/wp\/v2\/types\/page"}],"author":[{"embeddable":true,"href":"https:\/\/kosmetikaintuice.cz\/index.php?rest_route=\/wp\/v2\/users\/1"}],"replies":[{"embeddable":true,"href":"https:\/\/kosmetikaintuice.cz\/index.php?rest_route=%2Fwp%2Fv2%2Fcomments&post=8"}],"version-history":[{"count":28,"href":"https:\/\/kosmetikaintuice.cz\/index.php?rest_route=\/wp\/v2\/pages\/8\/revisions"}],"predecessor-version":[{"id":137,"href":"https:\/\/kosmetikaintuice.cz\/index.php?rest_route=\/wp\/v2\/pages\/8\/revisions\/137"}],"wp:attachment":[{"href":"https:\/\/kosmetikaintuice.cz\/index.php?rest_route=%2Fwp%2Fv2%2Fmedia&parent=8"}],"curies":[{"name":"wp","href":"https:\/\/api.w.org\/{rel}","templated":true}]}}